{"id":1620,"date":"2024-04-17T15:38:05","date_gmt":"2024-04-17T19:38:05","guid":{"rendered":"https:\/\/yprcanada.com\/yanik-deschenes\/"},"modified":"2025-10-23T08:34:30","modified_gmt":"2025-10-23T12:34:30","slug":"yanik-deschenes","status":"publish","type":"page","link":"https:\/\/yprcanada.com\/fr\/yanik-deschenes\/","title":{"rendered":"Yanik Desch\u00eanes"},"content":{"rendered":"<h1>Yanik Desch\u00eanes<\/h1>\n<ul>\n<li><a href=\"https:\/\/www.linkedin.com\/in\/yanikdeschenes\/\">linkedin<\/a>\n<\/li>\n<li><a href=\"https:\/\/twitter.com\/yanikdeschenes\">twitter<\/a>\n<\/li>\n<li><a href=\"https:\/\/www.instagram.com\/yanikdeschenes\/\">instagram<\/a>\n<\/li>\n<li><a href=\"https:\/\/www.itftennis.com\/en\/players\/yanik-deschenes\/800703609\/can\/vt\/s\/\">social<\/a>\n<\/li>\n<\/ul>\n<h2>\u00c0 propos de Yanik Desch\u00eanes<\/h2>\n<div>\n<p>Yanik Desch\u00eanes est un professionnel aguerri avec plus de 20 ann\u00e9es d&rsquo;exp\u00e9rience dans le domaine de la communication et des relations publiques. Il a collabor\u00e9 avec des agences r\u00e9put\u00e9es telles que NATIONAL, Cossette, Edelman et Sid Lee, ainsi que des organisations d\u2019envergure comme l\u2019Agence spatiale canadienne et Walmart. Sa carri\u00e8re diversifi\u00e9e comprend \u00e9galement une collaboration avec <a href=\"https:\/\/www.lesaffaires.com\/archives\/generale\/yanik-deschenes-a-la-tete-de-l-association-des-agences-de-pub\/501016\">l\u2019A2C<\/a>, ce qui d\u00e9montre son aptitude \u00e0 naviguer dans des milieux vari\u00e9s et exigeants.<\/p>\n<h3><strong>Fondation de YPR<\/strong><\/h3>\n<p>Par la suite, en 2018, Yanik a fond\u00e9 YPR avec l\u2019ambition d\u2019aider les organisations et les marques \u00e0 cr\u00e9er du bouche \u00e0 oreille organique aupr\u00e8s des communaut\u00e9s pertinentes. L&rsquo;objectif de YPR est d\u2019accro\u00eetre la cr\u00e9dibilit\u00e9, de g\u00e9n\u00e9rer des revenus et d\u2019augmenter la capitalisation. Avec des bureaux \u00e0 Montr\u00e9al, Toronto et New York, YPR g\u00e9n\u00e8re chaque jour des conversations qui renforcent l&rsquo;\u00e9quit\u00e9 de marque.<\/p>\n<h3><strong>Innovations et processus propri\u00e9taires<\/strong><\/h3>\n<p>Pour atteindre ces objectifs, YPR a d\u00e9velopp\u00e9 des processus propri\u00e9taires tels que le <a href=\"https:\/\/yprcanada.com\/fr\/expertises\/#process\">Newsroom\u2122<\/a>, <a href=\"https:\/\/yprcanada.com\/fr\/press-test\/\">Press Test\u2122<\/a>, <a href=\"https:\/\/yprcanada.com\/fr\/expertises\/#process\">Credex\u2122<\/a> , et YPR Quadrant. Ces outils standardisent les approches de l\u2019agence et maximisent le retour sur investissement pour les clients.\u00a0<\/p>\n<h3><strong>Vie personnelle et engagement<\/strong><\/h3>\n<p>Pour rester jeune et allum\u00e9, Yanik joue au tennis presque tous les jours. Il affirme que la pratique de ce sport a un impact positif sur tous les aspects de sa vie. Il se r\u00e9jouit de la possibilit\u00e9 de faire connaissance et de collaborer avec de nouveaux partenaires.<\/p>\n<p>La carri\u00e8re de Yanik Desch\u00eanes t\u00e9moigne de son engagement \u00e0 innover et \u00e0 exceller dans le domaine des relations publiques et de la communication. Il est reconnaissant envers ses clients, ici et ailleurs dans le monde, pour leur confiance.<\/p>\n<\/div>\n<h2>M\u00e9dias<\/h2>\n<ul>\n<li>\n<p><img decoding=\"async\" src=\"\/wp-content\/uploads\/2024\/04\/Capture-decran-le-2024-04-17-a-15.53.14.png\" alt=\"L'\u00e9quipe de Yanik Desch\u00eanes qui pr\u00e9sente le Press Test \u00e0 Grenier aux nouvelles\"><\/p>\n<h3>Grenier aux nouvelles<\/h3>\n<div>\n<p>Press Test: la nouvelle innovation incontournable de YPR<\/p>\n<\/div>\n<p><a href=\"https:\/\/www.grenier.qc.ca\/actualites\/38543\/press-test-la-nouvelle-innovation-incontournable-de-ypr\"><\/a><\/p>\n<\/li>\n<li>\n<p><img decoding=\"async\" src=\"\/wp-content\/uploads\/2025\/10\/yanik-profile.jpg\" alt=\"Yanik Desch\u00eanes de YPR sur les cinq \u00e9l\u00e9ments essentiels pour bouleverser votre industrie\"><\/p>\n<h3>Strategy<\/h3>\n<div>\n<p>Yanik Desch\u00eanes de YPR sur les cinq \u00e9l\u00e9ments essentiels pour bouleverser votre industrie (anglais)<\/p>\n<\/div>\n<p><a href=\"https:\/\/strategyonline.ca\/2024\/02\/16\/industry-moves-ogilvy-health-canada-president-promoted\/\"><\/a><\/p>\n<\/li>\n<li>\n<p><img decoding=\"async\" src=\"\/wp-content\/uploads\/2025\/10\/yanik-deshcenes-tennis-canada.webp\" alt=\"Yannick Deschenes\"><\/p>\n<h3>Tennis Canada<\/h3>\n<div>\n<p>Yanik Desch\u00eanes doit beaucoup au tennis et voici pourquoi il redonne \u00e0 ce sport<\/p>\n<\/div>\n<p><a href=\"\/.tenniscanada.com\/fr\/nouvelles\/redefinir-le-jeu\/2025\/yanik-deschenes-doit-beaucoup-au-tennis-pourquoi-il-redonne\"><\/a><\/p>\n<\/li>\n<li>\n<p><img decoding=\"async\" src=\"\/wp-content\/uploads\/2024\/10\/Capture-decran-le-2024-10-28-a-12.07.12.png\" alt=\"\"><\/p>\n<h3>InpiredInsider Podcast<\/h3>\n<p>[Top Agency Series] Cr\u00e9er un bouche-\u00e0-oreille organique<\/p>\n<p><a href=\"https:\/\/www.inspiredinsider.com\/yanik-deschenes-interview\/\"><\/a><\/p>\n<\/li>\n<\/ul>\n<h2>Contacter Yanik Desch\u00eanes<\/h2>\n<ul>\n<li>\n<p><a href=\"mailto:yanik@yprcanada.com\"><\/p>\n<div>yanik@yprcanada.com<\/div>\n<p><\/a><\/p>\n<\/li>\n<li>\n<p><a href=\"https:\/\/www.google.com\/maps\/place\/Pl.+Ville-Marie,+Montr\u00e9al,+QC+H3B+5G9\/@45.5014077,-73.5725443,17z\/data=!3m1!4b1!4m6!3m5!1s0x4cc91a4478e3b42b:0xe9e072c3dabdf8d!8m2!3d45.5014077!4d-73.5699694!16s%2Fg%2F11k4yrn6vf?entry=ttu\"><\/p>\n<div>12102-1 Place Ville Marie<\/div>\n<div>Montr\u00e9al, Qc H3B 3Y1<\/div>\n<p><\/a><\/p>\n<\/li>\n<\/ul>\n<p><!--more--><br \/>\n<!-- {\"type\":\"layout\",\"children\":[{\"name\":\"Hero\",\"type\":\"section\",\"props\":{\"animation\":\"fade\",\"header_overlay\":\"light\",\"height\":\"viewport\",\"height_offset_top\":true,\"image\":\"wp-content\\\/uploads\\\/2025\\\/10\\\/yanik-profile.jpg\",\"image_effect\":\"parallax\",\"image_fixed\":false,\"image_loading\":true,\"image_parallax_bgy\":\"175 75%\",\"image_parallax_breakpoint\":\"m\",\"image_parallax_easing\":\"0.5\",\"image_position\":\"top-right\",\"image_size\":\"cover\",\"image_width\":\"2560\",\"media\":\"images\\\/home-header.jpg\",\"media_advanced\":true,\"media_background\":\"#fff\",\"media_focal_point\":\"top-right\",\"style\":\"default\",\"text_color\":\"light\",\"title_breakpoint\":\"xl\",\"title_position\":\"top-left\",\"title_rotation\":\"left\",\"vertical_align\":\"bottom\",\"width\":\"default\"},\"children\":[{\"type\":\"row\",\"props\":{\"column_gap\":\"large\",\"margin\":\"large\",\"margin_remove_bottom\":true},\"children\":[{\"type\":\"column\",\"props\":{\"image_position\":\"center-center\",\"position_sticky_breakpoint\":\"m\",\"vertical_align\":\"middle\",\"width_medium\":\"1-1\"},\"children\":[{\"type\":\"headline\",\"props\":{\"animation\":\"slide-left-medium\",\"block_align_breakpoint\":\"s\",\"block_align_fallback\":\"center\",\"content\":\"Yanik Desch\\u00eanes\",\"margin_remove_bottom\":false,\"maxwidth\":\"large\",\"text_align\":\"left\",\"text_align_breakpoint\":\"s\",\"text_align_fallback\":\"center\",\"title_element\":\"h1\",\"title_style\":\"heading-large\"}},{\"type\":\"social\",\"props\":{\"grid\":\"horizontal\",\"grid_gap\":\"small\",\"image_svg_inline\":true,\"link_style\":\"button\",\"margin\":\"medium\",\"margin_remove_top\":true,\"text_align\":\"left\",\"text_align_breakpoint\":\"s\",\"text_align_fallback\":\"center\"},\"children\":[{\"type\":\"social_item\",\"props\":{\"link\":\"https:\\\/\\\/www.linkedin.com\\\/in\\\/yanikdeschenes\\\/\"}},{\"type\":\"social_item\",\"props\":{\"link\":\"https:\\\/\\\/twitter.com\\\/yanikdeschenes\"}},{\"type\":\"social_item\",\"props\":{\"link\":\"https:\\\/\\\/www.instagram.com\\\/yanikdeschenes\\\/\"}},{\"type\":\"social_item\",\"props\":{\"icon\":\"star\",\"link\":\"https:\\\/\\\/www.itftennis.com\\\/en\\\/players\\\/yanik-deschenes\\\/800703609\\\/can\\\/vt\\\/s\\\/\"}}]}]}]}]},{\"name\":\"About\",\"type\":\"section\",\"props\":{\"image_position\":\"center-center\",\"image_size\":\"cover\",\"padding\":\"large\",\"padding_remove_bottom\":false,\"style\":\"default\",\"title_breakpoint\":\"xl\",\"title_position\":\"top-left\",\"title_rotation\":\"left\",\"vertical_align\":\"middle\",\"width\":\"default\"},\"children\":[{\"type\":\"row\",\"props\":{\"margin\":\"remove-vertical\",\"vertical_align\":true},\"children\":[{\"type\":\"column\",\"props\":{\"image_position\":\"center-center\",\"position_sticky_breakpoint\":\"m\",\"width_medium\":\"1-1\"},\"children\":[{\"type\":\"headline\",\"props\":{\"content\":\"\\u00c0 propos de Yanik Desch\\u00eanes\",\"title_decoration\":\"line\",\"title_element\":\"h2\",\"title_style\":\"h3\"}},{\"type\":\"text\",\"props\":{\"block_align\":\"right\",\"column_breakpoint\":\"m\",\"content\":\"\n\n<p>Yanik Desch\\u00eanes est un professionnel aguerri avec plus de 20 ann\\u00e9es d'exp\\u00e9rience dans le domaine de la communication et des relations publiques. Il a collabor\\u00e9 avec des agences r\\u00e9put\\u00e9es telles que NATIONAL, Cossette, Edelman et Sid Lee, ainsi que des organisations d\\u2019envergure comme l\\u2019Agence spatiale canadienne et Walmart. Sa carri\\u00e8re diversifi\\u00e9e comprend \\u00e9galement une collaboration avec <a href=\\\"https:\\\/\\\/www.lesaffaires.com\\\/archives\\\/generale\\\/yanik-deschenes-a-la-tete-de-l-association-des-agences-de-pub\\\/501016\\\">l\\u2019A2C<\\\/a>, ce qui d\\u00e9montre son aptitude \\u00e0 naviguer dans des milieux vari\\u00e9s et exigeants.<\\\/p>\\n\n\n<h3><strong>Fondation de YPR<\\\/strong><\\\/h3>\\n\n\n<p>Par la suite, en 2018, Yanik a fond\\u00e9 YPR avec l\\u2019ambition d\\u2019aider les organisations et les marques \\u00e0 cr\\u00e9er du bouche \\u00e0 oreille organique aupr\\u00e8s des communaut\\u00e9s pertinentes. L'objectif de YPR est d\\u2019accro\\u00eetre la cr\\u00e9dibilit\\u00e9, de g\\u00e9n\\u00e9rer des revenus et d\\u2019augmenter la capitalisation. Avec des bureaux \\u00e0 Montr\\u00e9al, Toronto et New York, YPR g\\u00e9n\\u00e8re chaque jour des conversations qui renforcent l'\\u00e9quit\\u00e9 de marque.<\\\/p>\\n\n\n<h3><strong>Innovations et processus propri\\u00e9taires<\\\/strong><\\\/h3>\\n\n\n<p>Pour atteindre ces objectifs, YPR a d\\u00e9velopp\\u00e9 des processus propri\\u00e9taires tels que le <a href=\\\"https:\\\/\\\/yprcanada.com\\\/fr\\\/expertises\\\/#process\\\">Newsroom\\u2122<\\\/a>, <a href=\\\"https:\\\/\\\/yprcanada.com\\\/fr\\\/press-test\\\/\\\">Press Test\\u2122<\\\/a>, <a href=\\\"https:\\\/\\\/yprcanada.com\\\/fr\\\/expertises\\\/#process\\\">Credex\\u2122<\\\/a> , et YPR Quadrant. Ces outils standardisent les approches de l\\u2019agence et maximisent le retour sur investissement pour les clients.\\u00a0<\\\/p>\\n\n\n<h3><strong>Vie personnelle et engagement<\\\/strong><\\\/h3>\\n\n\n<p>Pour rester jeune et allum\\u00e9, Yanik joue au tennis presque tous les jours. Il affirme que la pratique de ce sport a un impact positif sur tous les aspects de sa vie. Il se r\\u00e9jouit de la possibilit\\u00e9 de faire connaissance et de collaborer avec de nouveaux partenaires.<\\\/p>\\n\n\n<p>La carri\\u00e8re de Yanik Desch\\u00eanes t\\u00e9moigne de son engagement \\u00e0 innover et \\u00e0 exceller dans le domaine des relations publiques et de la communication. Il est reconnaissant envers ses clients, ici et ailleurs dans le monde, pour leur confiance.<\\\/p>\",\"margin\":\"default\",\"maxwidth\":\"2xlarge\"}}]}]},{\"type\":\"row\",\"props\":{\"margin\":\"medium\",\"vertical_align\":true},\"children\":[{\"type\":\"column\",\"props\":{\"image_position\":\"center-center\",\"position_sticky_breakpoint\":\"m\",\"width_medium\":\"1-1\"},\"children\":[{\"type\":\"headline\",\"props\":{\"content\":\"M\\u00e9dias\",\"title_decoration\":\"line\",\"title_element\":\"h2\",\"title_style\":\"h3\"}},{\"type\":\"grid\",\"props\":{\"block_align\":\"right\",\"content_column_breakpoint\":\"m\",\"filter_align\":\"left\",\"filter_all\":true,\"filter_grid_breakpoint\":\"m\",\"filter_grid_width\":\"auto\",\"filter_position\":\"top\",\"filter_style\":\"tab\",\"grid_default\":\"1\",\"grid_medium\":\"3\",\"icon_width\":80,\"image_align\":\"top\",\"image_grid_breakpoint\":\"m\",\"image_grid_width\":\"1-2\",\"image_svg_color\":\"emphasis\",\"item_animation\":true,\"link_style\":\"default\",\"link_text\":\"\",\"margin\":\"default\",\"maxwidth\":\"2xlarge\",\"meta_align\":\"below-title\",\"meta_element\":\"div\",\"meta_style\":\"text-meta\",\"panel_link\":true,\"show_content\":true,\"show_image\":true,\"show_link\":true,\"show_meta\":true,\"show_title\":true,\"title_align\":\"top\",\"title_element\":\"h3\",\"title_grid_breakpoint\":\"m\",\"title_grid_width\":\"1-2\",\"title_hover_style\":\"reset\"},\"children\":[{\"type\":\"grid_item\",\"props\":{\"content\":\"\n\n<p>Press Test: la nouvelle innovation incontournable de YPR<\\\/p>\",\"image\":\"wp-content\\\/uploads\\\/2024\\\/04\\\/Capture-decran-le-2024-04-17-a-15.53.14.png\",\"image_alt\":\"L'\\u00e9quipe de Yanik Desch\\u00eanes qui pr\\u00e9sente le Press Test \\u00e0 Grenier aux nouvelles\",\"link\":\"https:\\\/\\\/www.grenier.qc.ca\\\/actualites\\\/38543\\\/press-test-la-nouvelle-innovation-incontournable-de-ypr\",\"title\":\"Grenier aux nouvelles\"}},{\"type\":\"grid_item\",\"props\":{\"content\":\"\n\n<p>Yanik Desch\\u00eanes de YPR sur les cinq \\u00e9l\\u00e9ments essentiels pour bouleverser votre industrie (anglais)<\\\/p>\",\"image\":\"wp-content\\\/uploads\\\/2025\\\/10\\\/yanik-profile.jpg\",\"image_alt\":\"Yanik Desch\\u00eanes de YPR sur les cinq \\u00e9l\\u00e9ments essentiels pour bouleverser votre industrie\",\"link\":\"https:\\\/\\\/strategyonline.ca\\\/2024\\\/02\\\/16\\\/industry-moves-ogilvy-health-canada-president-promoted\\\/\",\"title\":\"Strategy\"}},{\"type\":\"grid_item\",\"props\":{\"content\":\"\n\n<p>Yanik Desch\\u00eanes doit beaucoup au tennis et voici pourquoi il redonne \\u00e0 ce sport<\\\/p>\",\"image\":\"wp-content\\\/uploads\\\/2025\\\/10\\\/yanik-deshcenes-tennis-canada.webp\",\"image_alt\":\"Yannick Deschenes\",\"link\":\".tenniscanada.com\\\/fr\\\/nouvelles\\\/redefinir-le-jeu\\\/2025\\\/yanik-deschenes-doit-beaucoup-au-tennis-pourquoi-il-redonne\",\"title\":\"Tennis Canada\"}},{\"type\":\"grid_item\",\"props\":{\"image\":\"wp-content\\\/uploads\\\/2024\\\/10\\\/Capture-decran-le-2024-10-28-a-12.07.12.png\",\"link\":\"https:\\\/\\\/www.inspiredinsider.com\\\/yanik-deschenes-interview\\\/\",\"meta\":\"[Top Agency Series] Cr\\u00e9er un bouche-\\u00e0-oreille organique\",\"title\":\"InpiredInsider Podcast\"}}]}]}]},{\"type\":\"row\",\"props\":{\"margin\":\"medium\",\"vertical_align\":true},\"children\":[{\"type\":\"column\",\"props\":{\"image_position\":\"center-center\",\"position_sticky_breakpoint\":\"m\",\"vertical_align\":\"middle\",\"width_medium\":\"1-1\"},\"children\":[{\"type\":\"headline\",\"props\":{\"content\":\"Contacter Yanik Desch\\u00eanes\",\"title_decoration\":\"line\",\"title_element\":\"h2\",\"title_style\":\"h3\"}},{\"type\":\"list\",\"props\":{\"block_align\":\"right\",\"column_breakpoint\":\"m\",\"image\":true,\"image_align\":\"left\",\"image_svg_color\":\"emphasis\",\"image_vertical_align\":true,\"link_style\":\"text\",\"list_element\":\"ul\",\"list_horizontal_separator\":\", \",\"list_size\":\"large\",\"list_type\":\"vertical\",\"margin\":\"medium\",\"maxwidth\":\"2xlarge\",\"show_image\":true,\"show_link\":true},\"children\":[{\"type\":\"list_item\",\"props\":{\"content\":\"\n\n<div>yanik@yprcanada.com<\\\/div>\",\"image_alt\":\"email\",\"link\":\"mailto:yanik@yprcanada.com\"}},{\"type\":\"list_item\",\"props\":{\"content\":\"\n\n<div>12102-1 Place Ville Marie<\\\/div>\\n\n\n<div>Montr\\u00e9al, Qc H3B 3Y1<\\\/div>\",\"link\":\"https:\\\/\\\/www.google.com\\\/maps\\\/place\\\/Pl.+Ville-Marie,+Montr\\u00e9al,+QC+H3B+5G9\\\/@45.5014077,-73.5725443,17z\\\/data=!3m1!4b1!4m6!3m5!1s0x4cc91a4478e3b42b:0xe9e072c3dabdf8d!8m2!3d45.5014077!4d-73.5699694!16s%2Fg%2F11k4yrn6vf?entry=ttu\"}}]}]}]}]}],\"version\":\"4.3.13\"} --><\/p>\n","protected":false},"excerpt":{"rendered":"<p>Yanik Desch\u00eanes linkedin twitter instagram social \u00c0 propos de Yanik Desch\u00eanes Yanik Desch\u00eanes est un professionnel aguerri avec plus de 20 ann\u00e9es d&rsquo;exp\u00e9rience dans le domaine de la communication et des relations publiques. Il a collabor\u00e9 avec des agences r\u00e9put\u00e9es telles que NATIONAL, Cossette, Edelman et Sid Lee, ainsi que des organisations d\u2019envergure comme l\u2019Agence [&hellip;]<\/p>\n","protected":false},"author":1,"featured_media":1596,"parent":0,"menu_order":0,"comment_status":"closed","ping_status":"closed","template":"","meta":{"footnotes":""},"class_list":["post-1620","page","type-page","status-publish","has-post-thumbnail","hentry"],"yoast_head":"<!-- This site is optimized with the Yoast SEO plugin v27.3 - https:\/\/yoast.com\/product\/yoast-seo-wordpress\/ -->\n<title>Yanik Desch\u00eanes - YPR<\/title>\n<meta name=\"description\" content=\"Yanik Desch\u00eanes a fond\u00e9 YPR en 2018 avec l\u2019ambition d\u2019aider les organisations et les marques de cr\u00e9er du bouche \u00e0 oreille organique.\" \/>\n<meta name=\"robots\" content=\"index, follow, max-snippet:-1, max-image-preview:large, max-video-preview:-1\" \/>\n<link rel=\"canonical\" href=\"https:\/\/yprcanada.com\/fr\/yanik-deschenes\/\" \/>\n<meta property=\"og:locale\" content=\"fr_FR\" \/>\n<meta property=\"og:type\" content=\"article\" \/>\n<meta property=\"og:title\" content=\"Yanik Desch\u00eanes - YPR\" \/>\n<meta property=\"og:description\" content=\"Yanik Desch\u00eanes a fond\u00e9 YPR en 2018 avec l\u2019ambition d\u2019aider les organisations et les marques de cr\u00e9er du bouche \u00e0 oreille organique.\" \/>\n<meta property=\"og:url\" content=\"https:\/\/yprcanada.com\/fr\/yanik-deschenes\/\" \/>\n<meta property=\"og:site_name\" content=\"YPR\" \/>\n<meta property=\"article:publisher\" content=\"https:\/\/www.facebook.com\/YPRcan\" \/>\n<meta property=\"article:modified_time\" content=\"2025-10-23T12:34:30+00:00\" \/>\n<meta property=\"og:image\" content=\"https:\/\/yprcanada.com\/wp-content\/uploads\/2024\/04\/Yanik-Deschenes-817x1024.png\" \/>\n\t<meta property=\"og:image:width\" content=\"817\" \/>\n\t<meta property=\"og:image:height\" content=\"1024\" \/>\n\t<meta property=\"og:image:type\" content=\"image\/png\" \/>\n<meta name=\"twitter:card\" content=\"summary_large_image\" \/>\n<meta name=\"twitter:site\" content=\"@ypr_canada\" \/>\n<meta name=\"twitter:label1\" content=\"Dur\u00e9e de lecture estim\u00e9e\" \/>\n\t<meta name=\"twitter:data1\" content=\"3 minutes\" \/>\n<script type=\"application\/ld+json\" class=\"yoast-schema-graph\">{\"@context\":\"https:\\\/\\\/schema.org\",\"@graph\":[{\"@type\":\"WebPage\",\"@id\":\"https:\\\/\\\/yprcanada.com\\\/fr\\\/yanik-deschenes\\\/\",\"url\":\"https:\\\/\\\/yprcanada.com\\\/fr\\\/yanik-deschenes\\\/\",\"name\":\"Yanik Desch\u00eanes - YPR\",\"isPartOf\":{\"@id\":\"https:\\\/\\\/yprcanada.com\\\/fr\\\/#website\"},\"primaryImageOfPage\":{\"@id\":\"https:\\\/\\\/yprcanada.com\\\/fr\\\/yanik-deschenes\\\/#primaryimage\"},\"image\":{\"@id\":\"https:\\\/\\\/yprcanada.com\\\/fr\\\/yanik-deschenes\\\/#primaryimage\"},\"thumbnailUrl\":\"https:\\\/\\\/yprcanada.com\\\/wp-content\\\/uploads\\\/2024\\\/04\\\/Yanik-Deschenes.png\",\"datePublished\":\"2024-04-17T19:38:05+00:00\",\"dateModified\":\"2025-10-23T12:34:30+00:00\",\"description\":\"Yanik Desch\u00eanes a fond\u00e9 YPR en 2018 avec l\u2019ambition d\u2019aider les organisations et les marques de cr\u00e9er du bouche \u00e0 oreille organique.\",\"breadcrumb\":{\"@id\":\"https:\\\/\\\/yprcanada.com\\\/fr\\\/yanik-deschenes\\\/#breadcrumb\"},\"inLanguage\":\"fr-FR\",\"potentialAction\":[{\"@type\":\"ReadAction\",\"target\":[\"https:\\\/\\\/yprcanada.com\\\/fr\\\/yanik-deschenes\\\/\"]}]},{\"@type\":\"ImageObject\",\"inLanguage\":\"fr-FR\",\"@id\":\"https:\\\/\\\/yprcanada.com\\\/fr\\\/yanik-deschenes\\\/#primaryimage\",\"url\":\"https:\\\/\\\/yprcanada.com\\\/wp-content\\\/uploads\\\/2024\\\/04\\\/Yanik-Deschenes.png\",\"contentUrl\":\"https:\\\/\\\/yprcanada.com\\\/wp-content\\\/uploads\\\/2024\\\/04\\\/Yanik-Deschenes.png\",\"width\":1200,\"height\":1504},{\"@type\":\"BreadcrumbList\",\"@id\":\"https:\\\/\\\/yprcanada.com\\\/fr\\\/yanik-deschenes\\\/#breadcrumb\",\"itemListElement\":[{\"@type\":\"ListItem\",\"position\":1,\"name\":\"Home\",\"item\":\"https:\\\/\\\/yprcanada.com\\\/fr\\\/\"},{\"@type\":\"ListItem\",\"position\":2,\"name\":\"Yanik Desch\u00eanes\"}]},{\"@type\":\"WebSite\",\"@id\":\"https:\\\/\\\/yprcanada.com\\\/fr\\\/#website\",\"url\":\"https:\\\/\\\/yprcanada.com\\\/fr\\\/\",\"name\":\"YPR\",\"description\":\"Public Relations - Relations publiques - Toronto | Los Angeles | Montr\u00e9al\",\"publisher\":{\"@id\":\"https:\\\/\\\/yprcanada.com\\\/fr\\\/#organization\"},\"potentialAction\":[{\"@type\":\"SearchAction\",\"target\":{\"@type\":\"EntryPoint\",\"urlTemplate\":\"https:\\\/\\\/yprcanada.com\\\/fr\\\/?s={search_term_string}\"},\"query-input\":{\"@type\":\"PropertyValueSpecification\",\"valueRequired\":true,\"valueName\":\"search_term_string\"}}],\"inLanguage\":\"fr-FR\"},{\"@type\":\"Organization\",\"@id\":\"https:\\\/\\\/yprcanada.com\\\/fr\\\/#organization\",\"name\":\"YPR Canada\",\"url\":\"https:\\\/\\\/yprcanada.com\\\/fr\\\/\",\"logo\":{\"@type\":\"ImageObject\",\"inLanguage\":\"fr-FR\",\"@id\":\"https:\\\/\\\/yprcanada.com\\\/fr\\\/#\\\/schema\\\/logo\\\/image\\\/\",\"url\":\"https:\\\/\\\/yprcanada.com\\\/wp-content\\\/uploads\\\/2021\\\/11\\\/ypr-black.svg\",\"contentUrl\":\"https:\\\/\\\/yprcanada.com\\\/wp-content\\\/uploads\\\/2021\\\/11\\\/ypr-black.svg\",\"width\":1,\"height\":1,\"caption\":\"YPR Canada\"},\"image\":{\"@id\":\"https:\\\/\\\/yprcanada.com\\\/fr\\\/#\\\/schema\\\/logo\\\/image\\\/\"},\"sameAs\":[\"https:\\\/\\\/www.facebook.com\\\/YPRcan\",\"https:\\\/\\\/x.com\\\/ypr_canada\",\"https:\\\/\\\/www.instagram.com\\\/ypr.canada\\\/\",\"https:\\\/\\\/www.linkedin.com\\\/company\\\/yprcanada\\\/mycompany\\\/\"]}]}<\/script>\n<!-- \/ Yoast SEO plugin. -->","yoast_head_json":{"title":"Yanik Desch\u00eanes - YPR","description":"Yanik Desch\u00eanes a fond\u00e9 YPR en 2018 avec l\u2019ambition d\u2019aider les organisations et les marques de cr\u00e9er du bouche \u00e0 oreille organique.","robots":{"index":"index","follow":"follow","max-snippet":"max-snippet:-1","max-image-preview":"max-image-preview:large","max-video-preview":"max-video-preview:-1"},"canonical":"https:\/\/yprcanada.com\/fr\/yanik-deschenes\/","og_locale":"fr_FR","og_type":"article","og_title":"Yanik Desch\u00eanes - YPR","og_description":"Yanik Desch\u00eanes a fond\u00e9 YPR en 2018 avec l\u2019ambition d\u2019aider les organisations et les marques de cr\u00e9er du bouche \u00e0 oreille organique.","og_url":"https:\/\/yprcanada.com\/fr\/yanik-deschenes\/","og_site_name":"YPR","article_publisher":"https:\/\/www.facebook.com\/YPRcan","article_modified_time":"2025-10-23T12:34:30+00:00","og_image":[{"width":817,"height":1024,"url":"https:\/\/yprcanada.com\/wp-content\/uploads\/2024\/04\/Yanik-Deschenes-817x1024.png","type":"image\/png"}],"twitter_card":"summary_large_image","twitter_site":"@ypr_canada","twitter_misc":{"Dur\u00e9e de lecture estim\u00e9e":"3 minutes"},"schema":{"@context":"https:\/\/schema.org","@graph":[{"@type":"WebPage","@id":"https:\/\/yprcanada.com\/fr\/yanik-deschenes\/","url":"https:\/\/yprcanada.com\/fr\/yanik-deschenes\/","name":"Yanik Desch\u00eanes - YPR","isPartOf":{"@id":"https:\/\/yprcanada.com\/fr\/#website"},"primaryImageOfPage":{"@id":"https:\/\/yprcanada.com\/fr\/yanik-deschenes\/#primaryimage"},"image":{"@id":"https:\/\/yprcanada.com\/fr\/yanik-deschenes\/#primaryimage"},"thumbnailUrl":"https:\/\/yprcanada.com\/wp-content\/uploads\/2024\/04\/Yanik-Deschenes.png","datePublished":"2024-04-17T19:38:05+00:00","dateModified":"2025-10-23T12:34:30+00:00","description":"Yanik Desch\u00eanes a fond\u00e9 YPR en 2018 avec l\u2019ambition d\u2019aider les organisations et les marques de cr\u00e9er du bouche \u00e0 oreille organique.","breadcrumb":{"@id":"https:\/\/yprcanada.com\/fr\/yanik-deschenes\/#breadcrumb"},"inLanguage":"fr-FR","potentialAction":[{"@type":"ReadAction","target":["https:\/\/yprcanada.com\/fr\/yanik-deschenes\/"]}]},{"@type":"ImageObject","inLanguage":"fr-FR","@id":"https:\/\/yprcanada.com\/fr\/yanik-deschenes\/#primaryimage","url":"https:\/\/yprcanada.com\/wp-content\/uploads\/2024\/04\/Yanik-Deschenes.png","contentUrl":"https:\/\/yprcanada.com\/wp-content\/uploads\/2024\/04\/Yanik-Deschenes.png","width":1200,"height":1504},{"@type":"BreadcrumbList","@id":"https:\/\/yprcanada.com\/fr\/yanik-deschenes\/#breadcrumb","itemListElement":[{"@type":"ListItem","position":1,"name":"Home","item":"https:\/\/yprcanada.com\/fr\/"},{"@type":"ListItem","position":2,"name":"Yanik Desch\u00eanes"}]},{"@type":"WebSite","@id":"https:\/\/yprcanada.com\/fr\/#website","url":"https:\/\/yprcanada.com\/fr\/","name":"YPR","description":"Public Relations - Relations publiques - Toronto | Los Angeles | Montr\u00e9al","publisher":{"@id":"https:\/\/yprcanada.com\/fr\/#organization"},"potentialAction":[{"@type":"SearchAction","target":{"@type":"EntryPoint","urlTemplate":"https:\/\/yprcanada.com\/fr\/?s={search_term_string}"},"query-input":{"@type":"PropertyValueSpecification","valueRequired":true,"valueName":"search_term_string"}}],"inLanguage":"fr-FR"},{"@type":"Organization","@id":"https:\/\/yprcanada.com\/fr\/#organization","name":"YPR Canada","url":"https:\/\/yprcanada.com\/fr\/","logo":{"@type":"ImageObject","inLanguage":"fr-FR","@id":"https:\/\/yprcanada.com\/fr\/#\/schema\/logo\/image\/","url":"https:\/\/yprcanada.com\/wp-content\/uploads\/2021\/11\/ypr-black.svg","contentUrl":"https:\/\/yprcanada.com\/wp-content\/uploads\/2021\/11\/ypr-black.svg","width":1,"height":1,"caption":"YPR Canada"},"image":{"@id":"https:\/\/yprcanada.com\/fr\/#\/schema\/logo\/image\/"},"sameAs":["https:\/\/www.facebook.com\/YPRcan","https:\/\/x.com\/ypr_canada","https:\/\/www.instagram.com\/ypr.canada\/","https:\/\/www.linkedin.com\/company\/yprcanada\/mycompany\/"]}]}},"_links":{"self":[{"href":"https:\/\/yprcanada.com\/fr\/wp-json\/wp\/v2\/pages\/1620","targetHints":{"allow":["GET"]}}],"collection":[{"href":"https:\/\/yprcanada.com\/fr\/wp-json\/wp\/v2\/pages"}],"about":[{"href":"https:\/\/yprcanada.com\/fr\/wp-json\/wp\/v2\/types\/page"}],"author":[{"embeddable":true,"href":"https:\/\/yprcanada.com\/fr\/wp-json\/wp\/v2\/users\/1"}],"replies":[{"embeddable":true,"href":"https:\/\/yprcanada.com\/fr\/wp-json\/wp\/v2\/comments?post=1620"}],"version-history":[{"count":9,"href":"https:\/\/yprcanada.com\/fr\/wp-json\/wp\/v2\/pages\/1620\/revisions"}],"predecessor-version":[{"id":1900,"href":"https:\/\/yprcanada.com\/fr\/wp-json\/wp\/v2\/pages\/1620\/revisions\/1900"}],"wp:featuredmedia":[{"embeddable":true,"href":"https:\/\/yprcanada.com\/fr\/wp-json\/wp\/v2\/media\/1596"}],"wp:attachment":[{"href":"https:\/\/yprcanada.com\/fr\/wp-json\/wp\/v2\/media?parent=1620"}],"curies":[{"name":"wp","href":"https:\/\/api.w.org\/{rel}","templated":true}]}}